{"id":1947,"date":"2025-11-25T12:15:13","date_gmt":"2025-11-25T09:15:13","guid":{"rendered":"https:\/\/mimsan.com.tr\/?page_id=1947"},"modified":"2025-11-25T16:02:42","modified_gmt":"2025-11-25T13:02:42","slug":"isg-politikasi","status":"publish","type":"page","link":"https:\/\/mimsan.com.tr\/tr\/isg-politikasi\/","title":{"rendered":"ISG Politikas\u0131"},"content":{"rendered":"<ul>\n<li>M\u00fc\u015fteri odakl\u0131 \u00e7al\u0131\u015farak konvey\u00f6r \u00fcretimindeki liderli\u011fimizi s\u00fcrd\u00fcrmek.<\/li>\n<li>Ekip \u00e7al\u0131\u015fmas\u0131n\u0131 ve \u00f6nleyici yakla\u015f\u0131m\u0131 kullanarak kaliteli ve zaman\u0131nda \u00fcr\u00fcn ve hizmetler sunmak.<\/li>\n<li>S\u00fcrekli geli\u015fim bilinciyle d\u00fcnyada aranan bir kurulu\u015f olmak.<\/li>\n<li>\u0130\u015f\u00e7i sa\u011fl\u0131\u011f\u0131, i\u015f g\u00fcvenli\u011fi ve sosyal sorumluluk bilinci ile \u00e7al\u0131\u015fmak.<\/li>\n<li>\u00c7evre ve \u0130SG ile ilgili kanun, y\u00f6netmelikler ve uymay\u0131 taahh\u00fct etti\u011fimiz di\u011fer \u015fartlara uymay\u0131 sa\u011flamak.<\/li>\n<li>Kalite, \u00c7evre ve \u0130SG politikam\u0131z\u0131 i\u015f ortaklar\u0131m\u0131za a\u00e7\u0131k tutmak.<\/li>\n<li>Minimum kaza ile \u00e7al\u0131\u015f\u0131p yaralanma ve sa\u011fl\u0131k bozulmalar\u0131n\u0131 \u00f6nlemek, g\u00fcvenli ve sa\u011fl\u0131kl\u0131 \u00e7al\u0131\u015fma ko\u015fullar\u0131 sa\u011flamak.<\/li>\n<li>ISO 9001 Kalite Y\u00f6netim Sistemi ile \u0130\u015f Sa\u011fl\u0131\u011f\u0131 ve G\u00fcvenli\u011fi \u015fartlar\u0131na uygun \u00e7al\u0131\u015fmay\u0131 sa\u011flamak.<\/li>\n<li>Yapt\u0131\u011f\u0131m\u0131z i\u015flerde uygulama ve operasyonlarla ilgili olarak yasal gereklilikleri eksiksiz yerine getirmek ve ilgili yasalar\u0131n g\u00fcncelli\u011fini s\u00fcrekli takip etmek.<\/li>\n<li>S\u00f6zle\u015fmede belirlenen m\u00fc\u015fteri gereklerine uygun \u015fekilde ilgili i\u015fleri sa\u011fl\u0131kl\u0131 ve g\u00fcvenli bir \u015fekilde ger\u00e7ekle\u015ftirmek ve s\u00fcreklili\u011fini takip etmek.<\/li>\n<li>Sa\u011fl\u0131k ve g\u00fcvenlikle ilgili planlama yap\u0131l\u0131rken \u00e7al\u0131\u015fanlar\u0131m\u0131z\u0131n yan\u0131nda, m\u00fc\u015fterilerimiz, tedarik\u00e7ilerimiz, ziyaret\u00e7ilerimiz ve ger\u00e7ekle\u015ftirilen faaliyetlerin sa\u011fl\u0131k ve g\u00fcvenli\u011finden etkilenecek t\u00fcm di\u011fer taraflar\u0131n g\u00fcvenli\u011fini korumak.<\/li>\n<li>Tehlikeleri ortadan kald\u0131rmay\u0131 ve \u0130SG risklerini azaltmay\u0131, \u0130SG performans\u0131m\u0131z\u0131 s\u00fcrekli iyile\u015ftirmeyi sa\u011flamak.<\/li>\n<li>Risk analizleri, d\u00fczeltici ve \u00f6nleyici faaliyetler ve teknolojik geli\u015fmelerin s\u00fcrekli takibi ile kendimizi s\u00fcrekli geli\u015ftirmeye \u00e7al\u0131\u015fmak.<\/li>\n<li>Politikam\u0131z\u0131 ve kurulu\u015fumuzun performans\u0131n\u0131 ile ilgili yenilikleri t\u00fcm payda\u015flar\u0131m\u0131za uygun y\u00f6ntemlerle iletmek, belirledi\u011fimiz ve dok\u00fcmante etti\u011fimiz \u0130\u015f Sa\u011fl\u0131\u011f\u0131 ve G\u00fcvenli\u011fi Politikam\u0131z\u0131 t\u00fcm \u00e7al\u0131\u015fanlara iletmek ve gerekti\u011finde kamuya a\u00e7\u0131k hale getirmek.<\/li>\n<li>\u00c7al\u0131\u015fanlar\u0131m\u0131z\u0131n ve \u00e7al\u0131\u015fan temsilcilerinin \u0130SG ile ilgili dan\u0131\u015fma ve kat\u0131l\u0131m\u0131n\u0131 sa\u011flamak, g\u00f6r\u00fc\u015flerini dikkate almak.<\/li>\n<\/ul>\n<p>&nbsp;<\/p>\n","protected":false},"excerpt":{"rendered":"<p>M\u00fc\u015fteri odakl\u0131 \u00e7al\u0131\u015farak konvey\u00f6r \u00fcretimindeki liderli\u011fimizi s\u00fcrd\u00fcrmek. Ekip \u00e7al\u0131\u015fmas\u0131n\u0131 ve \u00f6nleyici yakla\u015f\u0131m\u0131 kullanarak kaliteli ve zaman\u0131nda \u00fcr\u00fcn ve hizmetler sunmak. S\u00fcrekli geli\u015fim bilinciyle d\u00fcnyada aranan bir kurulu\u015f olmak. \u0130\u015f\u00e7i sa\u011fl\u0131\u011f\u0131, i\u015f g\u00fcvenli\u011fi ve sosyal sorumluluk bilinci ile \u00e7al\u0131\u015fmak. \u00c7evre ve \u0130SG ile ilgili kanun, y\u00f6netmelikler ve uymay\u0131 taahh\u00fct etti\u011fimiz di\u011fer \u015fartlara uymay\u0131 sa\u011flamak. Kalite, \u00c7evre [&hellip;]<\/p>\n","protected":false},"author":1,"featured_media":0,"parent":0,"menu_order":0,"comment_status":"closed","ping_status":"closed","template":"","meta":{"footnotes":""},"class_list":["post-1947","page","type-page","status-publish","hentry"],"_links":{"self":[{"href":"https:\/\/mimsan.com.tr\/tr\/wp-json\/wp\/v2\/pages\/1947"}],"collection":[{"href":"https:\/\/mimsan.com.tr\/tr\/wp-json\/wp\/v2\/pages"}],"about":[{"href":"https:\/\/mimsan.com.tr\/tr\/wp-json\/wp\/v2\/types\/page"}],"author":[{"embeddable":true,"href":"https:\/\/mimsan.com.tr\/tr\/wp-json\/wp\/v2\/users\/1"}],"replies":[{"embeddable":true,"href":"https:\/\/mimsan.com.tr\/tr\/wp-json\/wp\/v2\/comments?post=1947"}],"version-history":[{"count":3,"href":"https:\/\/mimsan.com.tr\/tr\/wp-json\/wp\/v2\/pages\/1947\/revisions"}],"predecessor-version":[{"id":1952,"href":"https:\/\/mimsan.com.tr\/tr\/wp-json\/wp\/v2\/pages\/1947\/revisions\/1952"}],"wp:attachment":[{"href":"https:\/\/mimsan.com.tr\/tr\/wp-json\/wp\/v2\/media?parent=1947"}],"curies":[{"name":"wp","href":"https:\/\/api.w.org\/{rel}","templated":true}]}}